{"id":74,"date":"2012-07-08T16:39:17","date_gmt":"2012-07-08T16:39:17","guid":{"rendered":"http:\/\/www.maler-rehm-nf.de\/wordpress\/?page_id=74"},"modified":"2023-05-17T07:57:41","modified_gmt":"2023-05-17T07:57:41","slug":"impressum","status":"publish","type":"page","link":"https:\/\/www.maler-rehm-nf.de\/wordpress\/?page_id=74","title":{"rendered":"Impressum"},"content":{"rendered":"<table width=\"94%\">\n<tbody>\n<tr>\n<td width=\"83%\">\n<div align=\"center\">\n<h3><span style=\"color: #0000cc; font-family: Verdana,Arial,Helvetica,sans-serif; font-size: large;\"><span style=\"color: #330099; font-size: x-large;\">Impressum <\/span><\/span><\/h3>\n<\/div>\n<\/td>\n<td width=\"17%\">&nbsp;<\/td>\n<\/tr>\n<tr>\n<td width=\"83%\">\n<h3 align=\"center\"><span style=\"color: #0000cc; font-family: Verdana,Arial,Helvetica,sans-serif; font-size: large;\"><span style=\"color: #330099; font-size: medium;\">Dies ist die Website der Firma<\/span><\/span><\/h3>\n<\/td>\n<td width=\"17%\">&nbsp;<\/td>\n<\/tr>\n<tr>\n<td width=\"83%\">\n<h4 align=\"center\"><span style=\"color: #000066; font-size: xx-large;\"><strong><em><span style=\"font-size: x-large;\">W Rehm <\/span><span style=\"color: #000066; font-size: x-large;\"><strong><em>GmbH<\/em><\/strong><\/span><span style=\"font-size: x-large;\"><br \/>\nCarl-Heinz-Harmsen-Stra\u00dfe 2 a<\/span><\/em><\/strong><\/span><\/h4>\n<h4 align=\"center\"><span style=\"color: #000066; font-size: x-large;\"><strong><em>25873 Rantrum<br \/>\n<\/em><\/strong><\/span><\/h4>\n<p align=\"left\"><span style=\"color: #000066; font-size: medium;\"><strong><em>Konzeption, verantwortliche Redaktion und Webmaster: J\u00fcrgen Rehm &#8211; (V.i.S.d.P.)<\/em><\/strong><\/span><span style=\"color: #000066; font-size: medium;\"><strong><em><br \/>\nDie Fa. Malerei Walter Rehm ist eine GmbH.<br \/>\nSie wird vertreten durch den Gesch\u00e4ftsf\u00fchrer J\u00fcrgen Rehm.<br \/>\nInhaltlich Verantwortlicher gem\u00e4\u00df \u00a7 6 MDStV: J\u00fcrgen Rehm.<br \/>\nEingebundene bzw. verlinkte Homepages unterliegen der redaktionellen Verantwortung durch die jeweiligen Betreiber.<\/em><\/strong><\/span><\/p>\n<p align=\"left\"><strong>Hinweis nach \u00a7 36 Verbraucherstreitbeilegungsgesetz (VSBG)<\/strong><\/p>\n<p align=\"left\"><strong>Wir, Malerfirma Rehm, Rantrum werden nicht in einem Streitbeilegungsverfahren vor einer Verbraucherschlichtungsstelle im Sinne des VSBG teilnehmen und sind dazu auch nicht verpflichtet.<\/strong><\/p>\n<p align=\"left\"><span style=\"color: #000066; font-size: medium;\"><strong><em> Nutzungsbedingungen f\u00fcr diese Homepage:<br \/>\nDie Inhalte (Text- und Bildmaterial) werden Internet-Nutzern ausschlie\u00dflich zum privaten, eigenen Gebrauch zur Verf\u00fcgung gestellt.<br \/>\nJede gewerbliche Nutzung der Inhalte dieses Online-Angebotes bedarf der schriftlichen Genehmigung durch die Redaktion.<br \/>\nDatenschutzhinweis \/ Haftungsausschluss:<br \/>\n1. Namentlich gekennzeichnete Artikel stehen in der alleinigen Verantwortung der Unterzeichner<br \/>\n2. Trotz sorgf\u00e4ltiger inhaltlicher Kontrolle \u00fcbernehmen wir keine Haftung f\u00fcr die Inhalte externer Links. F\u00fcr den Inhalt der verlinkten Seiten sind ausschlie\u00dflich deren Betreiber verantwortlich.<br \/>\n3. Die Fa. Rehm und die Autoren dieser Homepage \u00fcbernehmen keinerlei Gew\u00e4hr f\u00fcr die Aktualit\u00e4t, Korrektheit, Vollst\u00e4ndigkeit oder Qualit\u00e4t der bereitgestellten Informationen. Haftungsanspr\u00fcche gegen einen Autor, welche sich auf Sch\u00e4den materieller oder ideeller Art beziehen, die durch die Nutzung oder Nichtnutzung der dargebotenen Informationen bzw. durch die Nutzung fehlerhafter und unvollst\u00e4ndiger Informationen verursacht wurden, sind grunds\u00e4tzlich ausgeschlossen, sofern seitens der Autoren kein nachweislich vors\u00e4tzliches oder grob fahrl\u00e4ssiges Verschulden vorliegt.<br \/>\n4. Alle Angebote sind freibleibend und unverbindlich. Die Fa. Rehm beh\u00e4lt es sich ausdr\u00fccklich vor, Teile der Seiten oder das gesamte Angebot ohne gesonderte Ank\u00fcndigung zu ver\u00e4ndern, zu erg\u00e4nzen, zu l\u00f6schen oder die Ver\u00f6ffentlichung zeitweise oder endg\u00fcltig einzustellen.<br \/>\n5. www.maler-rehm-nf.de setzt &#8211; in bestimmten Bereichen &#8211; Cookies auf der Homepage ein.<br \/>\n6. In bestimmten Bereichen &#8211; insbesondere beim Kontakt-Formular und Newsletter-Abo &#8211; werden personenbezogene Daten gespeichert, verarbeitet und verwendet. Eine Weitergabe an Dritte erfolgt in keinem Fall.<br \/>\n7. Bei direkten oder indirekten Verweisen auf fremde Webseiten (&#8222;Hyperlinks&#8220;), die au\u00dferhalb des Verantwortungsbereiches des Autors liegen, w\u00fcrde eine Haftungsverpflichtung ausschlie\u00dflich in dem Fall in Kraft treten, in dem der Autor von den Inhalten Kenntnis hat und es ihm technisch m\u00f6glich und zumutbar w\u00e4re, die Nutzung im Falle rechtswidriger Inhalte zu verhindern. Der Autor erkl\u00e4rt hiermit ausdr\u00fccklich, dass zum Zeitpunkt der Linksetzung keine illegalen Inhalte auf den zu verlinkenden Seiten erkennbar waren. Auf die aktuelle und zuk\u00fcnftige Gestaltung, die Inhalte oder die Urheberschaft der gelinkten\/verkn\u00fcpften Seiten hat der Autor keinerlei Einfluss. Deshalb distanziert er sich hiermit ausdr\u00fccklich von allen Inhalten aller gelinkten \/verkn\u00fcpften Seiten, die nach der Linksetzung ver\u00e4ndert wurden. Diese Feststellung gilt f\u00fcr alle innerhalb des eigenen Internetangebotes gesetzten Links und Verweise sowie f\u00fcr Fremdeintr\u00e4ge in vom Autor eingerichteten G\u00e4steb\u00fcchern, Diskussionsforen, Linkverzeichnissen, Mailinglisten und in allen anderen Formen von Datenbanken, auf deren Inhalt externe Schreibzugriffe m\u00f6glich sind. F\u00fcr illegale, fehlerhafte oder unvollst\u00e4ndige Inhalte und insbesondere f\u00fcr Sch\u00e4den, die aus der Nutzung oder Nichtnutzung solcherart dargebotener Informationen entstehen, haftet allein der Anbieter der Seite, auf welche verwiesen wurde, nicht derjenige, der \u00fcber Links auf die jeweilige Ver\u00f6ffentlichung lediglich verweist.<br \/>\n8. Alle innerhalb des Internetangebotes genannten und ggf. durch Dritte gesch\u00fctzten Marken- und Warenzeichen unterliegen uneingeschr\u00e4nkt den Bestimmungen des jeweils g\u00fcltigen Kennzeichenrechts und den Besitzrechten der jeweiligen eingetragenen Eigent\u00fcmer. Allein aufgrund der blo\u00dfen Nennung ist nicht der Schluss zu ziehen, dass Markenzeichen nicht durch Rechte Dritter gesch\u00fctzt sind! Das Copyright f\u00fcr ver\u00f6ffentlichte, vom Autor selbst erstellte Objekte bleibt allein beim Autor der Seiten. Eine Vervielf\u00e4ltigung oder Verwendung solcher Grafiken, Tondokumente, Videosequenzen und Texte in anderen elektronischen oder gedruckten Publikationen ist ohne ausdr\u00fcckliche Zustimmung des Autors nicht gestattet.<br \/>\n9. Wenn Sie innerhalb dieses Angebots Seiten und Dateien abrufen und dabei aufgefordert werden, Daten \u00fcber sich einzugeben, so erfolgt die Preisgabe dieser Daten seitens des Nutzers auf ausdr\u00fccklich freiwilliger Basis. Wir weisen darauf hin, da\u00df diese Daten\u00fcbertragung \u00fcber das Internet ungesichert erfolgt und die Daten somit von Unbefugten zur Kenntnis genommen oder auch verf\u00e4lscht werden k\u00f6nnen.<br \/>\n10. Die Nutzung der im Rahmen des Impressums oder vergleichbarer Angaben ver\u00f6ffentlichten Kontaktdaten wie Postanschriften, Telefon- und Faxnummern sowie Emailadressen durch Dritte zur \u00dcbersendung von nicht ausdr\u00fccklich angeforderten Informationen ist nicht gestattet. Rechtliche Schritte gegen die Versender von sogenannten Spam-Mails bei Verst\u00f6ssen gegen dieses Verbot sind ausdr\u00fccklich vorbehalten.<br \/>\n11. Formulare: Bitte beachten Sie, das die Daten immer \u00fcber das Internet gesendet werden und hochsensible Informationen besser auf dem schriftlichen Weg an uns zu senden sind.<br \/>\nEmail: Aus technischen oder betrieblichen Gr\u00fcnden kann der Empfang von E-mail Kommunikation gest\u00f6rt sein und\/oder nicht rechtzeitig den Empf\u00e4nger erreichen. Daher hat die Versendung von E-Mails an uns keine fristwahrende Wirkung und kann keine Fristen rechtsverbindlich setzen. Wir empfehlen, zeitkritische oder eilige Nachrichten zus\u00e4tzlich per Post, Kurier oder Telefax zu \u00fcbersenden. Falls Sie sicher sein wollen, dass Ihre E-mail ordnungsgem\u00e4\u00df empfangen worden ist, fordern Sie bitte von dem Empf\u00e4nger eine schriftliche Empfangsbest\u00e4tigung an.<br \/>\nWir unternehmen alle vern\u00fcnftigerweise zu erwartenden Vorsichtsma\u00dfnahmen, um das Risiko einer \u00dcbertragung von Computerviren zu verhindern. Wir sind jedoch nicht haftbar f\u00fcr Sch\u00e4den, die durch Computerviren entstehen. Bitte f\u00fchren Sie selber \u00dcberpr\u00fcfungen auf Computerviren durch, bevor Sie E-Mails lesen, insbesondere bevor Sie Anh\u00e4nge zu E-Mails \u00f6ffnen. Die Kommunikation per E-mail ist unsicher, da grunds\u00e4tzlich die M\u00f6glichkeit der Kenntnisnahme und Manipulation durch Dritte besteht. Wir empfehlen, daher keine vertraulichen Daten unverschl\u00fcsselt per E-Mail zu versenden. <\/em><\/strong><\/span><\/p>\n<\/td>\n<\/tr>\n<\/tbody>\n<\/table>\n","protected":false},"excerpt":{"rendered":"<p>Impressum &nbsp; Dies ist die Website der Firma &nbsp; W Rehm GmbH Carl-Heinz-Harmsen-Stra\u00dfe 2 a 25873 Rantrum Konzeption, verantwortliche Redaktion und Webmaster: J\u00fcrgen Rehm &#8211; (V.i.S.d.P.) Die Fa. Malerei Walter Rehm ist eine GmbH. Sie wird vertreten durch den Gesch\u00e4ftsf\u00fchrer &hellip; <a href=\"https:\/\/www.maler-rehm-nf.de\/wordpress\/?page_id=74\">Weiterlesen <span class=\"meta-nav\">&rarr;<\/span><\/a><\/p>\n","protected":false},"author":1,"featured_media":0,"parent":0,"menu_order":9,"comment_status":"closed","ping_status":"closed","template":"","meta":{"ngg_post_thumbnail":0,"footnotes":""},"class_list":["post-74","page","type-page","status-publish","hentry"],"_links":{"self":[{"href":"https:\/\/www.maler-rehm-nf.de\/wordpress\/index.php?rest_route=\/wp\/v2\/pages\/74","targetHints":{"allow":["GET"]}}],"collection":[{"href":"https:\/\/www.maler-rehm-nf.de\/wordpress\/index.php?rest_route=\/wp\/v2\/pages"}],"about":[{"href":"https:\/\/www.maler-rehm-nf.de\/wordpress\/index.php?rest_route=\/wp\/v2\/types\/page"}],"author":[{"embeddable":true,"href":"https:\/\/www.maler-rehm-nf.de\/wordpress\/index.php?rest_route=\/wp\/v2\/users\/1"}],"replies":[{"embeddable":true,"href":"https:\/\/www.maler-rehm-nf.de\/wordpress\/index.php?rest_route=%2Fwp%2Fv2%2Fcomments&post=74"}],"version-history":[{"count":10,"href":"https:\/\/www.maler-rehm-nf.de\/wordpress\/index.php?rest_route=\/wp\/v2\/pages\/74\/revisions"}],"predecessor-version":[{"id":227,"href":"https:\/\/www.maler-rehm-nf.de\/wordpress\/index.php?rest_route=\/wp\/v2\/pages\/74\/revisions\/227"}],"wp:attachment":[{"href":"https:\/\/www.maler-rehm-nf.de\/wordpress\/index.php?rest_route=%2Fwp%2Fv2%2Fmedia&parent=74"}],"curies":[{"name":"wp","href":"https:\/\/api.w.org\/{rel}","templated":true}]}}